{"version":"1.0","provider_name":"Tabernaculo Prensa de Dios","provider_url":"https:\/\/tabernaculoprensadedios.com\/web","author_name":"tabernaculo","author_url":"https:\/\/tabernaculoprensadedios.com\/web\/author\/tabernaculo\/","title":"Por qu\u00e9 realmente dejamos de Orar","type":"rich","width":600,"height":338,"html":"<blockquote class=\"wp-embedded-content\" data-secret=\"HDsFjrSeJm\"><a href=\"https:\/\/tabernaculoprensadedios.com\/web\/por-que-realmente-dejamos-de-orar\/\">Por qu\u00e9 realmente dejamos de Orar<\/a><\/blockquote><iframe sandbox=\"allow-scripts\" security=\"restricted\" src=\"https:\/\/tabernaculoprensadedios.com\/web\/por-que-realmente-dejamos-de-orar\/embed\/#?secret=HDsFjrSeJm\" width=\"600\" height=\"338\" title=\"\u00abPor qu\u00e9 realmente dejamos de Orar\u00bb \u2014 Tabernaculo Prensa de Dios\" data-secret=\"HDsFjrSeJm\" frameborder=\"0\" marginwidth=\"0\" marginheight=\"0\" scrolling=\"no\" class=\"wp-embedded-content\"><\/iframe><script type=\"text\/javascript\">\n\/* <![CDATA[ *\/\n\/*! This file is auto-generated *\/\n!function(d,l){\"use strict\";l.querySelector&&d.addEventListener&&\"undefined\"!=typeof URL&&(d.wp=d.wp||{},d.wp.receiveEmbedMessage||(d.wp.receiveEmbedMessage=function(e){var t=e.data;if((t||t.secret||t.message||t.value)&&!\/[^a-zA-Z0-9]\/.test(t.secret)){for(var s,r,n,a=l.querySelectorAll('iframe[data-secret=\"'+t.secret+'\"]'),o=l.querySelectorAll('blockquote[data-secret=\"'+t.secret+'\"]'),c=new RegExp(\"^https?:$\",\"i\"),i=0;i<o.length;i++)o[i].style.display=\"none\";for(i=0;i<a.length;i++)s=a[i],e.source===s.contentWindow&&(s.removeAttribute(\"style\"),\"height\"===t.message?(1e3<(r=parseInt(t.value,10))?r=1e3:~~r<200&&(r=200),s.height=r):\"link\"===t.message&&(r=new URL(s.getAttribute(\"src\")),n=new URL(t.value),c.test(n.protocol))&&n.host===r.host&&l.activeElement===s&&(d.top.location.href=t.value))}},d.addEventListener(\"message\",d.wp.receiveEmbedMessage,!1),l.addEventListener(\"DOMContentLoaded\",function(){for(var e,t,s=l.querySelectorAll(\"iframe.wp-embedded-content\"),r=0;r<s.length;r++)(t=(e=s[r]).getAttribute(\"data-secret\"))||(t=Math.random().toString(36).substring(2,12),e.src+=\"#?secret=\"+t,e.setAttribute(\"data-secret\",t)),e.contentWindow.postMessage({message:\"ready\",secret:t},\"*\")},!1)))}(window,document);\n\/\/# sourceURL=https:\/\/tabernaculoprensadedios.com\/web\/wp-includes\/js\/wp-embed.min.js\n\/* ]]> *\/\n<\/script>\n","thumbnail_url":"https:\/\/tabernaculoprensadedios.com\/web\/wp-content\/uploads\/2026\/04\/lpcu8hngu2e.avif","thumbnail_width":1600,"thumbnail_height":1156,"description":"\u00abNo he orado en alg\u00fan tiempo\u00bb. Me digo esto con demasiada frecuencia. \u00bfCu\u00e1nto tiempo ha pasado? A veces unas pocas horas, otras casi todo el d\u00eda (o m\u00e1s). \u00bfD\u00f3nde ha estado mi mente? \u00bfD\u00f3nde ha estado mi coraz\u00f3n? Siento el delicado pero correctivo empuj\u00f3n del Padre. \u00c9l capta mi atenci\u00f3n al implantar en mi mente &hellip;"}