{"version":"1.0","provider_name":"Tabernaculo Prensa de Dios","provider_url":"https:\/\/tabernaculoprensadedios.com\/web","author_name":"tabernaculo","author_url":"https:\/\/tabernaculoprensadedios.com\/web\/author\/tabernaculo\/","title":"La Carga que \u00c9l llev\u00f3","type":"rich","width":600,"height":338,"html":"<blockquote class=\"wp-embedded-content\" data-secret=\"ZcVKeeRfaI\"><a href=\"https:\/\/tabernaculoprensadedios.com\/web\/la-carga-que-el-llevo\/\">La Carga que \u00c9l llev\u00f3<\/a><\/blockquote><iframe sandbox=\"allow-scripts\" security=\"restricted\" src=\"https:\/\/tabernaculoprensadedios.com\/web\/la-carga-que-el-llevo\/embed\/#?secret=ZcVKeeRfaI\" width=\"600\" height=\"338\" title=\"\u00abLa Carga que \u00c9l llev\u00f3\u00bb \u2014 Tabernaculo Prensa de Dios\" data-secret=\"ZcVKeeRfaI\" frameborder=\"0\" marginwidth=\"0\" marginheight=\"0\" scrolling=\"no\" class=\"wp-embedded-content\"><\/iframe><script type=\"text\/javascript\">\n\/* <![CDATA[ *\/\n\/*! This file is auto-generated *\/\n!function(d,l){\"use strict\";l.querySelector&&d.addEventListener&&\"undefined\"!=typeof URL&&(d.wp=d.wp||{},d.wp.receiveEmbedMessage||(d.wp.receiveEmbedMessage=function(e){var t=e.data;if((t||t.secret||t.message||t.value)&&!\/[^a-zA-Z0-9]\/.test(t.secret)){for(var s,r,n,a=l.querySelectorAll('iframe[data-secret=\"'+t.secret+'\"]'),o=l.querySelectorAll('blockquote[data-secret=\"'+t.secret+'\"]'),c=new RegExp(\"^https?:$\",\"i\"),i=0;i<o.length;i++)o[i].style.display=\"none\";for(i=0;i<a.length;i++)s=a[i],e.source===s.contentWindow&&(s.removeAttribute(\"style\"),\"height\"===t.message?(1e3<(r=parseInt(t.value,10))?r=1e3:~~r<200&&(r=200),s.height=r):\"link\"===t.message&&(r=new URL(s.getAttribute(\"src\")),n=new URL(t.value),c.test(n.protocol))&&n.host===r.host&&l.activeElement===s&&(d.top.location.href=t.value))}},d.addEventListener(\"message\",d.wp.receiveEmbedMessage,!1),l.addEventListener(\"DOMContentLoaded\",function(){for(var e,t,s=l.querySelectorAll(\"iframe.wp-embedded-content\"),r=0;r<s.length;r++)(t=(e=s[r]).getAttribute(\"data-secret\"))||(t=Math.random().toString(36).substring(2,12),e.src+=\"#?secret=\"+t,e.setAttribute(\"data-secret\",t)),e.contentWindow.postMessage({message:\"ready\",secret:t},\"*\")},!1)))}(window,document);\n\/\/# sourceURL=https:\/\/tabernaculoprensadedios.com\/web\/wp-includes\/js\/wp-embed.min.js\n\/* ]]> *\/\n<\/script>\n","thumbnail_url":"https:\/\/tabernaculoprensadedios.com\/web\/wp-content\/uploads\/2026\/03\/2012104-1.jpg","thumbnail_width":1280,"thumbnail_height":853,"description":"El Viernes nos invita a contemplar el momento m\u00e1s profundo del sacrificio de Jes\u00fas. La cruz no solo fue un instrumento de dolor, sino el lugar donde el Hijo de Dios carg\u00f3 con el peso del pecado, del sufrimiento y de las heridas de la humanidad. Muchas veces en nuestra vida tambi\u00e9n sentimos el peso &hellip;"}